{"id":1408,"date":"2026-04-27T22:13:00","date_gmt":"2026-04-27T19:13:00","guid":{"rendered":"https:\/\/ugard.org.tr\/?page_id=1408"},"modified":"2026-04-28T16:10:08","modified_gmt":"2026-04-28T13:10:08","slug":"duyurularimiz","status":"publish","type":"page","link":"https:\/\/ugard.org.tr\/index.php\/duyurularimiz\/","title":{"rendered":"T\u00fcm Haberler"},"content":{"rendered":"\n<div class=\"wp-block-group alignfull ugad-duyurular-page has-global-padding is-layout-constrained wp-block-group-is-layout-constrained\">\n<div class=\"wp-block-group has-global-padding is-layout-constrained wp-block-group-is-layout-constrained\">\n<div class=\"wp-block-group has-global-padding is-layout-constrained wp-block-group-is-layout-constrained\" style=\"margin-bottom:32px\">\n<p><\/p>\n\n\n<form role=\"search\" method=\"get\" action=\"https:\/\/ugard.org.tr\/\" class=\"wp-block-search__button-outside wp-block-search__text-button wp-block-search\"    ><label class=\"wp-block-search__label\" for=\"wp-block-search__input-1\" >T\u00fcm Haberlerde ara<\/label><div class=\"wp-block-search__inside-wrapper\" ><input class=\"wp-block-search__input\" id=\"wp-block-search__input-1\" placeholder=\"Aramak istedi\u011finiz haber ba\u015fl\u0131\u011f\u0131n\u0131 veya kelimeyi yaz\u0131n...\" value=\"\" type=\"search\" name=\"s\" required \/><button aria-label=\"Ara\" class=\"wp-block-search__button wp-element-button\" type=\"submit\" >Ara<\/button><\/div><\/form><\/div>\n\n\n\n<div class=\"wp-block-query is-layout-flow wp-block-query-is-layout-flow\"><ul class=\"wp-block-post-template is-layout-flow wp-block-post-template-is-layout-flow\"><li class=\"wp-block-post post-1581 post type-post status-publish format-standard has-post-thumbnail hentry category-genel-en tag-erasmus-en tag-volunteer\">\n\n<div class=\"wp-block-columns alignwide are-vertically-aligned-center is-layout-flex wp-container-core-columns-is-layout-1f6167b4 wp-block-columns-is-layout-flex\" style=\"margin-bottom:32px\">\n<div class=\"wp-block-column is-vertically-aligned-center is-layout-flow wp-block-column-is-layout-flow\" style=\"flex-basis:30%\"><figure style=\"aspect-ratio:4\/3;width:100%;height:180px;\" class=\"wp-block-post-featured-image\"><a href=\"https:\/\/ugard.org.tr\/index.php\/en\/2026\/04\/28\/online-preparation-meeting-held-for-short-term-esc-volunteering-project-in-spain\/\" target=\"_self\"  style=\"height:180px\"><img loading=\"lazy\" decoding=\"async\" width=\"828\" height=\"1031\" src=\"https:\/\/ugard.org.tr\/wp-content\/uploads\/2026\/04\/WhatsApp-Image-2026-04-28-at-19.54.31.jpeg\" class=\"attachment-post-thumbnail size-post-thumbnail wp-post-image\" alt=\"Online Preparation Meeting Held for Short-Term ESC Volunteering Project in Spain\" style=\"width:100%;height:100%;object-fit:cover;\" srcset=\"https:\/\/ugard.org.tr\/wp-content\/uploads\/2026\/04\/WhatsApp-Image-2026-04-28-at-19.54.31.jpeg 828w, https:\/\/ugard.org.tr\/wp-content\/uploads\/2026\/04\/WhatsApp-Image-2026-04-28-at-19.54.31-241x300.jpeg 241w, https:\/\/ugard.org.tr\/wp-content\/uploads\/2026\/04\/WhatsApp-Image-2026-04-28-at-19.54.31-822x1024.jpeg 822w, https:\/\/ugard.org.tr\/wp-content\/uploads\/2026\/04\/WhatsApp-Image-2026-04-28-at-19.54.31-768x956.jpeg 768w\" sizes=\"auto, (max-width: 828px) 100vw, 828px\" \/><\/a><\/figure><\/div>\n\n\n\n<div class=\"wp-block-column is-vertically-aligned-center is-layout-flow wp-block-column-is-layout-flow\" style=\"flex-basis:70%\"><h2 style=\"font-size:clamp(17.905px, 1.119rem + ((1vw - 3.2px) * 0.99), 28px);line-height:1.2;\" class=\"wp-block-post-title\"><a href=\"https:\/\/ugard.org.tr\/index.php\/en\/2026\/04\/28\/online-preparation-meeting-held-for-short-term-esc-volunteering-project-in-spain\/\" target=\"_self\" >Online Preparation Meeting Held for Short-Term ESC Volunteering Project in Spain<\/a><\/h2>\n\n<div class=\"wp-block-post-excerpt\"><p class=\"wp-block-post-excerpt__excerpt\">Within the scope of the European Solidarity Corps (ESC) volunteering project numbered 2024-2-TR01-ESC51-VTJ-000291047, supported by the Turkish National Agency and coordinated by our organization as the applicant, an&hellip; <\/p><\/div><\/div>\n<\/div>\n\n<\/li><li class=\"wp-block-post post-1576 post type-post status-publish format-standard has-post-thumbnail hentry category-duyuru category-haberler tag-engelli-haklari tag-erasmus tag-genclik tag-sivil-toplum\">\n\n<div class=\"wp-block-columns alignwide are-vertically-aligned-center is-layout-flex wp-container-core-columns-is-layout-1f6167b4 wp-block-columns-is-layout-flex\" style=\"margin-bottom:32px\">\n<div class=\"wp-block-column is-vertically-aligned-center is-layout-flow wp-block-column-is-layout-flow\" style=\"flex-basis:30%\"><figure style=\"aspect-ratio:4\/3;width:100%;height:180px;\" class=\"wp-block-post-featured-image\"><a href=\"https:\/\/ugard.org.tr\/index.php\/2026\/04\/28\/ispanya-kisa-donem-esc-gonulluluk-projesi-kapsaminda-hazirlik-toplantisi-gerceklestirildi\/\" target=\"_self\"  style=\"height:180px\"><img loading=\"lazy\" decoding=\"async\" width=\"828\" height=\"1031\" src=\"https:\/\/ugard.org.tr\/wp-content\/uploads\/2026\/04\/WhatsApp-Image-2026-04-28-at-19.54.31.jpeg\" class=\"attachment-post-thumbnail size-post-thumbnail wp-post-image\" alt=\"\u0130spanya K\u0131sa D\u00f6nem ESC G\u00f6n\u00fcll\u00fcl\u00fck Projesi Kapsam\u0131nda Haz\u0131rl\u0131k Toplant\u0131s\u0131 Ger\u00e7ekle\u015ftirildi!\" style=\"width:100%;height:100%;object-fit:cover;\" srcset=\"https:\/\/ugard.org.tr\/wp-content\/uploads\/2026\/04\/WhatsApp-Image-2026-04-28-at-19.54.31.jpeg 828w, https:\/\/ugard.org.tr\/wp-content\/uploads\/2026\/04\/WhatsApp-Image-2026-04-28-at-19.54.31-241x300.jpeg 241w, https:\/\/ugard.org.tr\/wp-content\/uploads\/2026\/04\/WhatsApp-Image-2026-04-28-at-19.54.31-822x1024.jpeg 822w, https:\/\/ugard.org.tr\/wp-content\/uploads\/2026\/04\/WhatsApp-Image-2026-04-28-at-19.54.31-768x956.jpeg 768w\" sizes=\"auto, (max-width: 828px) 100vw, 828px\" \/><\/a><\/figure><\/div>\n\n\n\n<div class=\"wp-block-column is-vertically-aligned-center is-layout-flow wp-block-column-is-layout-flow\" style=\"flex-basis:70%\"><h2 style=\"font-size:clamp(17.905px, 1.119rem + ((1vw - 3.2px) * 0.99), 28px);line-height:1.2;\" class=\"wp-block-post-title\"><a href=\"https:\/\/ugard.org.tr\/index.php\/2026\/04\/28\/ispanya-kisa-donem-esc-gonulluluk-projesi-kapsaminda-hazirlik-toplantisi-gerceklestirildi\/\" target=\"_self\" >\u0130spanya K\u0131sa D\u00f6nem ESC G\u00f6n\u00fcll\u00fcl\u00fck Projesi Kapsam\u0131nda Haz\u0131rl\u0131k Toplant\u0131s\u0131 Ger\u00e7ekle\u015ftirildi!<\/a><\/h2>\n\n<div class=\"wp-block-post-excerpt\"><p class=\"wp-block-post-excerpt__excerpt\">T\u00fcrkiye Ulusal Ajans\u0131 taraf\u0131ndan desteklenen ve ba\u015fvuru sahibi oldu\u011fumuz 2024-2-TR01-ESC51-VTJ-000291047 numaral\u0131 Avrupa Dayan\u0131\u015fma Program\u0131 (ESC) g\u00f6n\u00fcll\u00fcl\u00fck projesi kapsam\u0131nda, \u0130spanya\u2019da k\u0131sa d\u00f6nem g\u00f6n\u00fcll\u00fcl\u00fck faaliyetlerine kat\u0131lacak g\u00f6n\u00fcll\u00fclerimizle \u00e7evrim i\u00e7i bir&hellip; <\/p><\/div><\/div>\n<\/div>\n\n<\/li><li class=\"wp-block-post post-1383 post type-post status-publish format-standard has-post-thumbnail hentry category-duyuru category-haberler tag-engelli-haklari tag-genclik tag-gonulluluk tag-sivil-toplum\">\n\n<div class=\"wp-block-columns alignwide are-vertically-aligned-center is-layout-flex wp-container-core-columns-is-layout-1f6167b4 wp-block-columns-is-layout-flex\" style=\"margin-bottom:32px\">\n<div class=\"wp-block-column is-vertically-aligned-center is-layout-flow wp-block-column-is-layout-flow\" style=\"flex-basis:30%\"><figure style=\"aspect-ratio:4\/3;width:100%;height:180px;\" class=\"wp-block-post-featured-image\"><a href=\"https:\/\/ugard.org.tr\/index.php\/2026\/04\/21\/samsun-engelli-hizmetleri-sube-mudurlugune-ziyaret-gerceklestirdik\/\" target=\"_self\"  style=\"height:180px\"><img loading=\"lazy\" decoding=\"async\" width=\"1600\" height=\"1200\" src=\"https:\/\/ugard.org.tr\/wp-content\/uploads\/2026\/04\/WhatsApp-Image-2026-04-21-at-10.44.42.jpeg\" class=\"attachment-post-thumbnail size-post-thumbnail wp-post-image\" alt=\"Samsun Engelli Hizmetleri \u015eube M\u00fcd\u00fcrl\u00fc\u011f\u00fc\u2019ne Ziyaret ger\u00e7ekle\u015ftirdik!\" style=\"width:100%;height:100%;object-fit:cover;\" srcset=\"https:\/\/ugard.org.tr\/wp-content\/uploads\/2026\/04\/WhatsApp-Image-2026-04-21-at-10.44.42.jpeg 1600w, https:\/\/ugard.org.tr\/wp-content\/uploads\/2026\/04\/WhatsApp-Image-2026-04-21-at-10.44.42-300x225.jpeg 300w, https:\/\/ugard.org.tr\/wp-content\/uploads\/2026\/04\/WhatsApp-Image-2026-04-21-at-10.44.42-1024x768.jpeg 1024w, https:\/\/ugard.org.tr\/wp-content\/uploads\/2026\/04\/WhatsApp-Image-2026-04-21-at-10.44.42-768x576.jpeg 768w, https:\/\/ugard.org.tr\/wp-content\/uploads\/2026\/04\/WhatsApp-Image-2026-04-21-at-10.44.42-1536x1152.jpeg 1536w\" sizes=\"auto, (max-width: 1600px) 100vw, 1600px\" \/><\/a><\/figure><\/div>\n\n\n\n<div class=\"wp-block-column is-vertically-aligned-center is-layout-flow wp-block-column-is-layout-flow\" style=\"flex-basis:70%\"><h2 style=\"font-size:clamp(17.905px, 1.119rem + ((1vw - 3.2px) * 0.99), 28px);line-height:1.2;\" class=\"wp-block-post-title\"><a href=\"https:\/\/ugard.org.tr\/index.php\/2026\/04\/21\/samsun-engelli-hizmetleri-sube-mudurlugune-ziyaret-gerceklestirdik\/\" target=\"_self\" >Samsun Engelli Hizmetleri \u015eube M\u00fcd\u00fcrl\u00fc\u011f\u00fc\u2019ne Ziyaret ger\u00e7ekle\u015ftirdik!<\/a><\/h2>\n\n<div class=\"wp-block-post-excerpt\"><p class=\"wp-block-post-excerpt__excerpt\">Derne\u011fimiz olarak, Samsun Engelli Hizmetleri \u015eube M\u00fcd\u00fcr\u00fcm\u00fcz Say\u0131n Atila Gen\u00e7\u2019i ve Birim Sorumlusu Say\u0131n \u00c7a\u011fla Y\u00fccel\u2019i makamlar\u0131nda ziyaret ettik. Ger\u00e7ekle\u015ftirdi\u011fimiz ziyarette, \u00f6nceki d\u00f6nemlerde birlikte y\u00fcr\u00fctt\u00fc\u011f\u00fcm\u00fcz proje ve \u00e7al\u0131\u015fmalar\u0131n&hellip; <\/p><\/div><\/div>\n<\/div>\n\n<\/li><li class=\"wp-block-post post-1380 post type-post status-publish format-standard has-post-thumbnail hentry category-duyuru category-haberler tag-genclik tag-gonullu tag-gonulluluk tag-sivil-toplum\">\n\n<div class=\"wp-block-columns alignwide are-vertically-aligned-center is-layout-flex wp-container-core-columns-is-layout-1f6167b4 wp-block-columns-is-layout-flex\" style=\"margin-bottom:32px\">\n<div class=\"wp-block-column is-vertically-aligned-center is-layout-flow wp-block-column-is-layout-flow\" style=\"flex-basis:30%\"><figure style=\"aspect-ratio:4\/3;width:100%;height:180px;\" class=\"wp-block-post-featured-image\"><a href=\"https:\/\/ugard.org.tr\/index.php\/2026\/04\/21\/samsun-genclik-ve-spor-il-mudurumuz-sayin-feyzullah-dereciyi-makaminda-ziyaret-ettik\/\" target=\"_self\"  style=\"height:180px\"><img loading=\"lazy\" decoding=\"async\" width=\"1600\" height=\"900\" src=\"https:\/\/ugard.org.tr\/wp-content\/uploads\/2026\/04\/WhatsApp-Image-2026-04-21-at-10.44.04.jpeg\" class=\"attachment-post-thumbnail size-post-thumbnail wp-post-image\" alt=\"Samsun Gen\u00e7lik ve Spor \u0130l M\u00fcd\u00fcr\u00fcm\u00fcz Say\u0131n Feyzullah Dereci\u2019yi makam\u0131nda ziyaret ettik.\" style=\"width:100%;height:100%;object-fit:cover;\" srcset=\"https:\/\/ugard.org.tr\/wp-content\/uploads\/2026\/04\/WhatsApp-Image-2026-04-21-at-10.44.04.jpeg 1600w, https:\/\/ugard.org.tr\/wp-content\/uploads\/2026\/04\/WhatsApp-Image-2026-04-21-at-10.44.04-300x169.jpeg 300w, https:\/\/ugard.org.tr\/wp-content\/uploads\/2026\/04\/WhatsApp-Image-2026-04-21-at-10.44.04-1024x576.jpeg 1024w, https:\/\/ugard.org.tr\/wp-content\/uploads\/2026\/04\/WhatsApp-Image-2026-04-21-at-10.44.04-768x432.jpeg 768w, https:\/\/ugard.org.tr\/wp-content\/uploads\/2026\/04\/WhatsApp-Image-2026-04-21-at-10.44.04-1536x864.jpeg 1536w\" sizes=\"auto, (max-width: 1600px) 100vw, 1600px\" \/><\/a><\/figure><\/div>\n\n\n\n<div class=\"wp-block-column is-vertically-aligned-center is-layout-flow wp-block-column-is-layout-flow\" style=\"flex-basis:70%\"><h2 style=\"font-size:clamp(17.905px, 1.119rem + ((1vw - 3.2px) * 0.99), 28px);line-height:1.2;\" class=\"wp-block-post-title\"><a href=\"https:\/\/ugard.org.tr\/index.php\/2026\/04\/21\/samsun-genclik-ve-spor-il-mudurumuz-sayin-feyzullah-dereciyi-makaminda-ziyaret-ettik\/\" target=\"_self\" >Samsun Gen\u00e7lik ve Spor \u0130l M\u00fcd\u00fcr\u00fcm\u00fcz Say\u0131n Feyzullah Dereci\u2019yi makam\u0131nda ziyaret ettik.<\/a><\/h2>\n\n<div class=\"wp-block-post-excerpt\"><p class=\"wp-block-post-excerpt__excerpt\">Derne\u011fimiz olarak, Samsun Gen\u00e7lik ve Spor \u0130l M\u00fcd\u00fcr\u00fcm\u00fcz Say\u0131n Feyzullah Dereci\u2019yi makam\u0131nda ziyaret ettik. Ger\u00e7ekle\u015ftirdi\u011fimiz bu nazik kabulde, derne\u011fimizin y\u00fcr\u00fctmekte oldu\u011fu \u00e7al\u0131\u015fmalar, \u00f6zellikle gen\u00e7lik alan\u0131ndaki faaliyetlerimiz ve sivil&hellip; <\/p><\/div><\/div>\n<\/div>\n\n<\/li><li class=\"wp-block-post post-1377 post type-post status-publish format-standard has-post-thumbnail hentry category-duyuru category-haberler tag-engelli-haklari tag-genclik tag-savunuculuk tag-sivil-toplum\">\n\n<div class=\"wp-block-columns alignwide are-vertically-aligned-center is-layout-flex wp-container-core-columns-is-layout-1f6167b4 wp-block-columns-is-layout-flex\" style=\"margin-bottom:32px\">\n<div class=\"wp-block-column is-vertically-aligned-center is-layout-flow wp-block-column-is-layout-flow\" style=\"flex-basis:30%\"><figure style=\"aspect-ratio:4\/3;width:100%;height:180px;\" class=\"wp-block-post-featured-image\"><a href=\"https:\/\/ugard.org.tr\/index.php\/2026\/04\/21\/engelli-haklari-icin-yeni-nesil-savunuculuk-projemiz-kapsaminda-ilk-adim\/\" target=\"_self\"  style=\"height:180px\"><img loading=\"lazy\" decoding=\"async\" width=\"1600\" height=\"1200\" src=\"https:\/\/ugard.org.tr\/wp-content\/uploads\/2026\/04\/WhatsApp-Image-2026-04-21-at-10.42.59.jpeg\" class=\"attachment-post-thumbnail size-post-thumbnail wp-post-image\" alt=\"Engelli Haklar\u0131 \u0130\u00e7in Yeni Nesil Savunuculuk Projemiz Kapsam\u0131nda \u0130lk Ad\u0131m!\" style=\"width:100%;height:100%;object-fit:cover;\" srcset=\"https:\/\/ugard.org.tr\/wp-content\/uploads\/2026\/04\/WhatsApp-Image-2026-04-21-at-10.42.59.jpeg 1600w, https:\/\/ugard.org.tr\/wp-content\/uploads\/2026\/04\/WhatsApp-Image-2026-04-21-at-10.42.59-300x225.jpeg 300w, https:\/\/ugard.org.tr\/wp-content\/uploads\/2026\/04\/WhatsApp-Image-2026-04-21-at-10.42.59-1024x768.jpeg 1024w, https:\/\/ugard.org.tr\/wp-content\/uploads\/2026\/04\/WhatsApp-Image-2026-04-21-at-10.42.59-768x576.jpeg 768w, https:\/\/ugard.org.tr\/wp-content\/uploads\/2026\/04\/WhatsApp-Image-2026-04-21-at-10.42.59-1536x1152.jpeg 1536w\" sizes=\"auto, (max-width: 1600px) 100vw, 1600px\" \/><\/a><\/figure><\/div>\n\n\n\n<div class=\"wp-block-column is-vertically-aligned-center is-layout-flow wp-block-column-is-layout-flow\" style=\"flex-basis:70%\"><h2 style=\"font-size:clamp(17.905px, 1.119rem + ((1vw - 3.2px) * 0.99), 28px);line-height:1.2;\" class=\"wp-block-post-title\"><a href=\"https:\/\/ugard.org.tr\/index.php\/2026\/04\/21\/engelli-haklari-icin-yeni-nesil-savunuculuk-projemiz-kapsaminda-ilk-adim\/\" target=\"_self\" >Engelli Haklar\u0131 \u0130\u00e7in Yeni Nesil Savunuculuk Projemiz Kapsam\u0131nda \u0130lk Ad\u0131m!<\/a><\/h2>\n\n<div class=\"wp-block-post-excerpt\"><p class=\"wp-block-post-excerpt__excerpt\">Sabanc\u0131 Vakf\u0131 deste\u011fiyle, Uluslararas\u0131 Gen\u00e7 Aray\u0131\u015f Derne\u011fi y\u00fcr\u00fct\u00fcc\u00fcl\u00fc\u011f\u00fcnde; T\u00fcrkiye Gen\u00e7lik Birli\u011fi Derne\u011fi ve E\u011fitimde G\u00f6rme Engelliler Derne\u011fi ortakl\u0131\u011f\u0131nda y\u00fcr\u00fctt\u00fc\u011f\u00fcm\u00fcz projemizin ge\u00e7ici y\u00fcr\u00fctme kurulu toplant\u0131s\u0131n\u0131 ger\u00e7ekle\u015ftirdik. Toplant\u0131m\u0131zda; proje s\u00fcrecine&hellip; <\/p><\/div><\/div>\n<\/div>\n\n<\/li><\/ul>\n\n<nav class=\"wp-block-query-pagination is-content-justification-center is-layout-flex wp-container-core-query-pagination-is-layout-a89b3969 wp-block-query-pagination-is-layout-flex\" aria-label=\"Sayfalama\">\n\n\n<div class=\"wp-block-query-pagination-numbers\"><span aria-current=\"page\" class=\"page-numbers current\">1<\/span>\n<a class=\"page-numbers\" href=\"?query-35-page=2\">2<\/a>\n<a class=\"page-numbers\" href=\"?query-35-page=3\">3<\/a>\n<span class=\"page-numbers dots\">&hellip;<\/span>\n<a class=\"page-numbers\" href=\"?query-35-page=31\">31<\/a><\/div>\n\n<a href=\"\/index.php\/wp-json\/wp\/v2\/pages\/1408?query-35-page=2\" class=\"wp-block-query-pagination-next\">Sonraki sayfa<\/a>\n<\/nav>\n\n<\/div>\n<\/div>\n<\/div>\n","protected":false},"excerpt":{"rendered":"","protected":false},"author":1,"featured_media":0,"parent":0,"menu_order":0,"comment_status":"closed","ping_status":"closed","template":"","meta":{"footnotes":""},"class_list":["post-1408","page","type-page","status-publish","hentry"],"_links":{"self":[{"href":"https:\/\/ugard.org.tr\/index.php\/wp-json\/wp\/v2\/pages\/1408","targetHints":{"allow":["GET"]}}],"collection":[{"href":"https:\/\/ugard.org.tr\/index.php\/wp-json\/wp\/v2\/pages"}],"about":[{"href":"https:\/\/ugard.org.tr\/index.php\/wp-json\/wp\/v2\/types\/page"}],"author":[{"embeddable":true,"href":"https:\/\/ugard.org.tr\/index.php\/wp-json\/wp\/v2\/users\/1"}],"replies":[{"embeddable":true,"href":"https:\/\/ugard.org.tr\/index.php\/wp-json\/wp\/v2\/comments?post=1408"}],"version-history":[{"count":8,"href":"https:\/\/ugard.org.tr\/index.php\/wp-json\/wp\/v2\/pages\/1408\/revisions"}],"predecessor-version":[{"id":1575,"href":"https:\/\/ugard.org.tr\/index.php\/wp-json\/wp\/v2\/pages\/1408\/revisions\/1575"}],"wp:attachment":[{"href":"https:\/\/ugard.org.tr\/index.php\/wp-json\/wp\/v2\/media?parent=1408"}],"curies":[{"name":"wp","href":"https:\/\/api.w.org\/{rel}","templated":true}]}}