{"id":19,"date":"2022-04-09T09:05:23","date_gmt":"2022-04-09T09:05:23","guid":{"rendered":"https:\/\/ugard.org\/?page_id=19"},"modified":"2026-04-28T02:04:24","modified_gmt":"2026-04-27T23:04:24","slug":"komisyonlarimiz","status":"publish","type":"page","link":"https:\/\/ugard.org.tr\/index.php\/komisyonlarimiz\/","title":{"rendered":"KOM\u0130SYONLARIMIZ"},"content":{"rendered":"\n<div class=\"wp-block-group ugad-commissions-page has-global-padding is-layout-constrained wp-block-group-is-layout-constrained\">\n\n\t\n\t<div class=\"wp-block-group ugad-commission-card ugad-commission-intro has-global-padding is-layout-constrained wp-block-group-is-layout-constrained\">\n\n\t\t\n\t\t<p class=\"ugad-eyebrow\">UGARD<\/p>\n\t\t\n\n\t\t\n\t\t<p>Derne\u011fimiz anti-hiyerar\u015fik bir yap\u0131lanmaya sahip oldu\u011fu ve gen\u00e7lerin g\u00f6rmek istedikleri de\u011fi\u015fimin bir par\u00e7as\u0131 olmalar\u0131 gerekti\u011fi d\u00fc\u015f\u00fcncesinden hareketle; faaliyetlerini d\u00fczenlemektedir. Bu do\u011frultuda g\u00f6n\u00fcll\u00fclerimize sorumluluk alma noktas\u0131nda e\u015fit mesafede yakla\u015f\u0131lmaktad\u0131r.<\/p>\n\t\t\n\n\t\t\n\t\t<p>UGARD\u2019\u0131n kurumsal yap\u0131s\u0131n\u0131n s\u00fcrd\u00fcr\u00fclebilirli\u011fini sa\u011flamak amac\u0131yla \u00e7e\u015fitli komisyonlar olu\u015fturulmu\u015ftur.<\/p>\n\t\t\n\n\t<\/div>\n\t\n\n\n\t\n\t<div class=\"wp-block-columns ugad-commission-row is-layout-flex wp-container-core-columns-is-layout-28f84493 wp-block-columns-is-layout-flex\">\n\n\t\t\n\t\t<div class=\"wp-block-column is-layout-flow wp-block-column-is-layout-flow\">\n\n\t\t\t\n\t\t\t<div class=\"wp-block-group ugad-commission-card has-global-padding is-layout-constrained wp-block-group-is-layout-constrained\">\n\n\t\t\t\t\n\t\t\t\t<h2 class=\"wp-block-heading\">Etkinlik Geli\u015ftirme<\/h2>\n\t\t\t\t\n\n\t\t\t\t\n\t\t\t\t<p>Bu komisyonun amac\u0131; derne\u011fimizin etkinliklerini \u00fcyelerin g\u00f6r\u00fc\u015flerine ve ihtiya\u00e7lar\u0131na \u00f6nem vererek geli\u015ftirmek ve planlamakt\u0131r.<\/p>\n\t\t\t\t\n\n\t\t\t\t\n\t\t\t\t<h3 class=\"wp-block-heading\">Etkinlik Geli\u015ftirme Komisyonu Neler Yapar?<\/h3>\n\t\t\t\t\n\n\t\t\t\t\n\t\t\t\t<ul class=\"wp-block-list\">\n\t\t\t\t\t<li>UGARD b\u00fcnyesinde d\u00fczenlenen etkinliklerin planlanma s\u00fcreci de dahil olmak \u00fczere t\u00fcm a\u015famalar\u0131n\u0131n sorunsuz ilerlemesinde birincil rol oynar.<\/li>\n\t\t\t\t\t<li>Etkinliklerin t\u00fcm sosyal medya kanallar\u0131nda yay\u0131nlanabilmesi i\u00e7in \u0130leti\u015fim ve Medya Komisyonu ile koordineli bir \u015fekilde \u00e7al\u0131\u015f\u0131r.<\/li>\n\t\t\t\t\t<li>Etkinlikler sona erdikten sonra kat\u0131l\u0131mc\u0131lar\u0131n geri bildirimlerine y\u00f6nelik anketler haz\u0131rlar.<\/li>\n\t\t\t\t\t<li>Gen\u00e7lerin derne\u011fimizden haberdar olmalar\u0131 ve derne\u011fimizde g\u00f6rev almalar\u0131 amac\u0131yla \u00fcniversitelerde, gen\u00e7lik forumlar\u0131nda ve sosyal sorumluluk kul\u00fcplerinde tan\u0131t\u0131c\u0131 faaliyetler organize eder.<\/li>\n\t\t\t\t\t<li>Derne\u011fimiz, \u00e7e\u015fitlili\u011fi temel alan bir vizyona sahip oldu\u011fundan, etkinliklerimize kamu, \u00f6zel sekt\u00f6r, sosyal giri\u015fimcilik gibi farkl\u0131 alanlarda ba\u015far\u0131lara imza atm\u0131\u015f ilham veren konu\u015fmac\u0131lar\u0131 davet eder.<\/li>\n\t\t\t\t<\/ul>\n\t\t\t\t\n\n\t\t\t<\/div>\n\t\t\t\n\n\t\t<\/div>\n\t\t\n\n\n\t\t\n\t\t<div class=\"wp-block-column is-layout-flow wp-block-column-is-layout-flow\">\n\n\t\t\t\n\t\t\t<div class=\"wp-block-group ugad-commission-card has-global-padding is-layout-constrained wp-block-group-is-layout-constrained\">\n\n\t\t\t\t\n\t\t\t\t<h2 class=\"wp-block-heading\">\u0130leti\u015fim ve Medya<\/h2>\n\t\t\t\t\n\n\t\t\t\t\n\t\t\t\t<p>Bu komisyonun amac\u0131; derne\u011fimizin hem i\u00e7 hem d\u0131\u015f ileti\u015fim kanallar\u0131n\u0131 y\u00f6netme ve s\u00fcrd\u00fcr\u00fclen \/ ger\u00e7ekle\u015ftirilmesi planlanan etkinliklerin g\u00f6r\u00fcn\u00fcrl\u00fc\u011f\u00fcn\u00fc artt\u0131rmakt\u0131r.<\/p>\n\t\t\t\t\n\n\t\t\t\t\n\t\t\t\t<h3 class=\"wp-block-heading\">\u0130leti\u015fim ve Medya Komisyonu Neler Yapar?<\/h3>\n\t\t\t\t\n\n\t\t\t\t\n\t\t\t\t<ul class=\"wp-block-list\">\n\t\t\t\t\t<li>UGARD\u2019\u0131n sosyal medya hesaplar\u0131n\u0131 y\u00f6netir.<\/li>\n\t\t\t\t\t<li>Derne\u011fimizin vizyonunu ve misyonunu yans\u0131tmaya y\u00f6nelik g\u00fc\u00e7l\u00fc g\u00f6rsel ve i\u015fitsel i\u00e7erikler \u00fcretir.<\/li>\n\t\t\t\t\t<li>\u00d6zel g\u00fcn ve haftalar\u0131n takibini yaparak afi\u015fler haz\u0131rlar ve bu afi\u015flere uygun metinler yazar.<\/li>\n\t\t\t\t\t<li>Herhangi bir konuya ili\u015fkin e\u011fitim d\u00fczenlendi\u011finde sertifikasyon s\u00fcrecini y\u00fcr\u00fcterek kat\u0131l\u0131mc\u0131lara kat\u0131l\u0131m belgelerinin iletilmesini sa\u011flar.<\/li>\n\t\t\t\t\t<li>Derne\u011fimizin web sitesi \u00fczerindeki i\u00e7erikleri herkesin eri\u015fimine uygun \u015fekilde tasarlar, etkinlikler, e-b\u00fclten ve duyurular\u0131 sosyal medya a\u011flar\u0131nda oldu\u011fu gibi web sitesinde de e\u015f zamanl\u0131 olarak yay\u0131nlar.<\/li>\n\t\t\t\t\t<li>Derne\u011fimizin g\u00f6r\u00fcn\u00fcrl\u00fc\u011f\u00fcn\u00fc artt\u0131rmaya y\u00f6nelik \u00e7al\u0131\u015fmalar yapar.<\/li>\n\t\t\t\t\t<li>UGARD b\u00fcnyesinde ger\u00e7ekle\u015ftirilmi\u015f olan t\u00fcm etkinliklerin yer ald\u0131\u011f\u0131 bir y\u0131ll\u0131k faaliyet raporu haz\u0131rlar ve web sitesinde yay\u0131nlar.<\/li>\n\t\t\t\t<\/ul>\n\t\t\t\t\n\n\t\t\t<\/div>\n\t\t\t\n\n\t\t<\/div>\n\t\t\n\n\t<\/div>\n\t\n\n\n\t\n\t<div class=\"wp-block-columns ugad-commission-row is-layout-flex wp-container-core-columns-is-layout-28f84493 wp-block-columns-is-layout-flex\">\n\n\t\t\n\t\t<div class=\"wp-block-column is-layout-flow wp-block-column-is-layout-flow\">\n\n\t\t\t\n\t\t\t<div class=\"wp-block-group ugad-commission-card has-global-padding is-layout-constrained wp-block-group-is-layout-constrained\">\n\n\t\t\t\t\n\t\t\t\t<h2 class=\"wp-block-heading\">Proje<\/h2>\n\t\t\t\t\n\n\t\t\t\t\n\t\t\t\t<p>Bu komisyonun amac\u0131; derne\u011fimizin misyonu ve vizyonuna uygun olan projeler \u00fcretmek ve bu projelerin yayg\u0131nla\u015ft\u0131r\u0131lmas\u0131n\u0131 sa\u011flamakt\u0131r.<\/p>\n\t\t\t\t\n\n\t\t\t\t\n\t\t\t\t<h3 class=\"wp-block-heading\">Proje Komisyonu Neler Yapar?<\/h3>\n\t\t\t\t\n\n\t\t\t\t\n\t\t\t\t<ul class=\"wp-block-list\">\n\t\t\t\t\t<li>Derne\u011fimizin vizyonu ve misyonuna uygun olan projeler \u00fcretmek i\u00e7in, sivil toplum kurulu\u015flar\u0131n\u0131n ba\u015fvurusuna a\u00e7\u0131k olan hibe \u00e7a\u011fr\u0131lar\u0131n\u0131 takip eder.<\/li>\n\t\t\t\t\t<li>Proje \u00fcretme noktas\u0131nda uygun olan hibeleri almak i\u00e7in proje yazar ve projenin kurgusunu haz\u0131rlar.<\/li>\n\t\t\t\t\t<li>Kurgulanan proje faaliyetleri haz\u0131rland\u0131ktan sonra b\u00fct\u00e7e d\u00fczenlemesini ve giderlerin kontrol\u00fcn\u00fc yapar.<\/li>\n\t\t\t\t\t<li>Yap\u0131lan hibe ba\u015fvurusunun kabul edilmesi halinde Proje Komisyonu i\u00e7inde o proje ile ilgilenecek bir alt ekip olu\u015fturur ve gereken koordinasyonu sa\u011flar.<\/li>\n\t\t\t\t\t<li>Y\u00fcr\u00fct\u00fclen projelerin her a\u015famas\u0131n\u0131 rapor haline getirir ve ilgili raporu proje bittikten sonra di\u011fer komisyon \u00fcyeleriyle payla\u015f\u0131r.<\/li>\n\t\t\t\t\t<li>Proje \u00e7\u0131kt\u0131lar\u0131n\u0131n yayg\u0131nla\u015ft\u0131r\u0131lmas\u0131 i\u00e7in \u0130leti\u015fim ve Medya Komisyonu ile ortak \u00e7al\u0131\u015f\u0131r.<\/li>\n\t\t\t\t\t<li>\u0130\u015f birli\u011fi gerektiren projelerde ortakl\u0131k potansiyeli olan sivil toplum \u00f6rg\u00fctlerini ara\u015ft\u0131r\u0131r ve gerekli g\u00f6r\u00fc\u015fmeleri sa\u011flar.<\/li>\n\t\t\t\t\t<li>Dernek \u00fcyelerinin ki\u015fisel ve profesyonel anlamda geli\u015fimlerini sa\u011flamalar\u0131 amac\u0131 ile e\u011fitim programlar\u0131 aray\u0131\u015f\u0131nda bulunur.<\/li>\n\t\t\t\t<\/ul>\n\t\t\t\t\n\n\t\t\t<\/div>\n\t\t\t\n\n\t\t<\/div>\n\t\t\n\n\n\t\t\n\t\t<div class=\"wp-block-column is-layout-flow wp-block-column-is-layout-flow\">\n\n\t\t\t\n\t\t\t<div class=\"wp-block-group ugad-commission-card has-global-padding is-layout-constrained wp-block-group-is-layout-constrained\">\n\n\t\t\t\t\n\t\t\t\t<h2 class=\"wp-block-heading\">G\u00f6n\u00fcll\u00fcl\u00fck<\/h2>\n\t\t\t\t\n\n\t\t\t\t\n\t\t\t\t<p>Bu komisyonun kurulma amac\u0131; dernek b\u00fcnyesinde g\u00f6n\u00fcll\u00fc olarak g\u00f6rev alma ba\u015fvurusu yapanlar\u0131n ve halihaz\u0131rda g\u00f6n\u00fcll\u00fc olan \u00fcyelerin g\u00f6n\u00fcll\u00fcl\u00fck motivasyonlar\u0131n\u0131 g\u00fc\u00e7lendirecek faaliyetlerde bulunmakt\u0131r.<\/p>\n\t\t\t\t\n\n\t\t\t\t\n\t\t\t\t<h3 class=\"wp-block-heading\">G\u00f6n\u00fcll\u00fcl\u00fck Komisyonu Neler Yapar?<\/h3>\n\t\t\t\t\n\n\t\t\t\t\n\t\t\t\t<ul class=\"wp-block-list\">\n\t\t\t\t\t<li>UGARD b\u00fcnyesindeki \u00fcye ve g\u00f6n\u00fcll\u00fcler ile yap\u0131lacak \u00f6n g\u00f6r\u00fc\u015fmeleri y\u00f6netir.<\/li>\n\t\t\t\t\t<li>\u00d6n g\u00f6r\u00fc\u015fmelerin ard\u0131ndan g\u00f6n\u00fcll\u00fclerin dahil olmak istedikleri komisyona giri\u015f s\u00fcre\u00e7lerini kurgular.<\/li>\n\t\t\t\t\t<li>\u00dcye ve g\u00f6n\u00fcll\u00fclere yap\u0131lan \u00e7al\u0131\u015fmalar\u0131n nas\u0131l y\u00fcr\u00fct\u00fcld\u00fc\u011f\u00fc ile ilgili oryantasyon organize eder.<\/li>\n\t\t\t\t\t<li>G\u00f6n\u00fcll\u00fclerin performans ve motivasyonunu g\u00f6zlemler ve bunu rapor haline getirir.<\/li>\n\t\t\t\t\t<li>Toplant\u0131lara zaman\u0131nda kat\u0131lmayan, kendisinden beklenenleri kar\u015f\u0131lamayan g\u00f6n\u00fcll\u00fcler ile ortaya \u00e7\u0131kan sebepleri g\u00f6r\u00fc\u015f\u00fcr ve bununla ilgili gerekli aksiyonlar\u0131 al\u0131r.<\/li>\n\t\t\t\t\t<li>G\u00f6n\u00fcll\u00fc ve \u00fcyeler aras\u0131ndaki ileti\u015fimi g\u00fc\u00e7lendirmek amac\u0131yla Etkinlik Komisyonu ile i\u015f birli\u011fi yapar.<\/li>\n\t\t\t\t\t<li>UGARD\u2019\u0131n g\u00f6r\u00fcn\u00fcrl\u00fc\u011f\u00fcn\u00fc artt\u0131rmak ad\u0131na \u00fcniversitelerde, \u00e7e\u015fitli sivil toplum kurulu\u015flar\u0131nda ve gen\u00e7lik organizasyonlar\u0131nda tan\u0131t\u0131c\u0131 faaliyetler ger\u00e7ekle\u015ftirir.<\/li>\n\t\t\t\t\t<li>G\u00f6n\u00fcll\u00fclerin do\u011fum g\u00fcn\u00fc, yeni i\u015fe giri\u015f gibi \u00f6zel g\u00fcnlerinde onlara tebrik mesajlar\u0131 ya da y\u00fcksek maliyetli olmayan hediyeler g\u00f6nderir.<\/li>\n\t\t\t\t<\/ul>\n\t\t\t\t\n\n\t\t\t<\/div>\n\t\t\t\n\n\t\t<\/div>\n\t\t\n\n\t<\/div>\n\t\n\n<\/div>\n","protected":false},"excerpt":{"rendered":"<p>UGARD Derne\u011fimiz anti-hiyerar\u015fik bir yap\u0131lanmaya sahip oldu\u011fu ve gen\u00e7lerin g\u00f6rmek istedikleri de\u011fi\u015fimin bir par\u00e7as\u0131 olmalar\u0131 gerekti\u011fi d\u00fc\u015f\u00fcncesinden hareketle; faaliyetlerini d\u00fczenlemektedir. Bu do\u011frultuda g\u00f6n\u00fcll\u00fclerimize sorumluluk alma noktas\u0131nda e\u015fit mesafede yakla\u015f\u0131lmaktad\u0131r. UGARD\u2019\u0131n kurumsal yap\u0131s\u0131n\u0131n s\u00fcrd\u00fcr\u00fclebilirli\u011fini sa\u011flamak amac\u0131yla \u00e7e\u015fitli komisyonlar olu\u015fturulmu\u015ftur. Etkinlik Geli\u015ftirme Bu komisyonun amac\u0131; derne\u011fimizin etkinliklerini \u00fcyelerin g\u00f6r\u00fc\u015flerine ve ihtiya\u00e7lar\u0131na \u00f6nem vererek geli\u015ftirmek ve planlamakt\u0131r. Etkinlik [&hellip;]<\/p>\n","protected":false},"author":1,"featured_media":0,"parent":0,"menu_order":-1,"comment_status":"closed","ping_status":"closed","template":"","meta":{"footnotes":""},"class_list":["post-19","page","type-page","status-publish","hentry"],"_links":{"self":[{"href":"https:\/\/ugard.org.tr\/index.php\/wp-json\/wp\/v2\/pages\/19","targetHints":{"allow":["GET"]}}],"collection":[{"href":"https:\/\/ugard.org.tr\/index.php\/wp-json\/wp\/v2\/pages"}],"about":[{"href":"https:\/\/ugard.org.tr\/index.php\/wp-json\/wp\/v2\/types\/page"}],"author":[{"embeddable":true,"href":"https:\/\/ugard.org.tr\/index.php\/wp-json\/wp\/v2\/users\/1"}],"replies":[{"embeddable":true,"href":"https:\/\/ugard.org.tr\/index.php\/wp-json\/wp\/v2\/comments?post=19"}],"version-history":[{"count":1,"href":"https:\/\/ugard.org.tr\/index.php\/wp-json\/wp\/v2\/pages\/19\/revisions"}],"predecessor-version":[{"id":1473,"href":"https:\/\/ugard.org.tr\/index.php\/wp-json\/wp\/v2\/pages\/19\/revisions\/1473"}],"wp:attachment":[{"href":"https:\/\/ugard.org.tr\/index.php\/wp-json\/wp\/v2\/media?parent=19"}],"curies":[{"name":"wp","href":"https:\/\/api.w.org\/{rel}","templated":true}]}}