{"id":21,"date":"2022-04-09T09:19:26","date_gmt":"2022-04-09T09:19:26","guid":{"rendered":"https:\/\/ugard.org\/?page_id=21"},"modified":"2026-04-28T02:28:00","modified_gmt":"2026-04-27T23:28:00","slug":"gonulluluk-komisyonu","status":"publish","type":"page","link":"https:\/\/ugard.org.tr\/index.php\/komisyonlarimiz\/gonulluluk-komisyonu\/","title":{"rendered":"G\u00d6N\u00dcLL\u00dcL\u00dcK KOM\u0130SYONU"},"content":{"rendered":"\n<div class=\"wp-block-group ugad-volunteer-commission-page has-global-padding is-layout-constrained wp-block-group-is-layout-constrained\">\n\n\n<div class=\"wp-block-group ugad-vc-card ugad-vc-purpose has-global-padding is-layout-constrained wp-block-group-is-layout-constrained\">\n\n\n<p class=\"ugad-vc-eyebrow\">UGARD KOM\u0130SYONLARI<\/p>\n\n\n\n<h2 class=\"wp-block-heading ugad-vc-title\">Komisyonun Amac\u0131<\/h2>\n\n\n\n<p class=\"ugad-vc-text\">Bu komisyonun kurulma amac\u0131; dernek b\u00fcnyesinde g\u00f6n\u00fcll\u00fc olarak g\u00f6rev alma ba\u015fvurusu yapanlar\u0131n ve halihaz\u0131rda g\u00f6n\u00fcll\u00fc olan \u00fcyelerin g\u00f6n\u00fcll\u00fcl\u00fck motivasyonlar\u0131n\u0131 g\u00fc\u00e7lendirecek faaliyetlerde bulunmakt\u0131r.<\/p>\n\n\n<\/div>\n\n\n\n\n<div class=\"wp-block-group ugad-vc-card ugad-vc-list-card has-global-padding is-layout-constrained wp-block-group-is-layout-constrained\">\n\n\n<h2 class=\"wp-block-heading ugad-vc-title\">G\u00f6n\u00fcll\u00fcl\u00fck Komisyonu Neler Yapar?<\/h2>\n\n\n\n<ul class=\"wp-block-list ugad-vc-list\">\n<li>UGARD b\u00fcnyesindeki \u00fcye ve g\u00f6n\u00fcll\u00fcler ile yap\u0131lacak \u00f6n g\u00f6r\u00fc\u015fmeleri y\u00f6netir<\/li>\n<li>\u00d6n g\u00f6r\u00fc\u015fmelerin ard\u0131ndan g\u00f6n\u00fcll\u00fclerin dahil olmak istedikleri komisyona giri\u015f s\u00fcre\u00e7lerini kurgular<\/li>\n<li>\u00dcye ve g\u00f6n\u00fcll\u00fclere yap\u0131lan \u00e7al\u0131\u015fmalar\u0131n nas\u0131l y\u00fcr\u00fct\u00fcld\u00fc\u011f\u00fc ile ilgili oryantasyon organize eder<\/li>\n<li>G\u00f6n\u00fcll\u00fclerin performans ve motivasyonunu g\u00f6zlemler ve bunu rapor haline getirir<\/li>\n<li>Toplant\u0131lara zaman\u0131nda kat\u0131lmayan, kendisinden beklenenleri kar\u015f\u0131lamayan g\u00f6n\u00fcll\u00fcler ile ortaya \u00e7\u0131kan sebepleri g\u00f6r\u00fc\u015f\u00fcr ve bununla ilgili gerekli aksiyonlar\u0131 al\u0131r<\/li>\n<li>G\u00f6n\u00fcll\u00fc ve \u00fcyeler aras\u0131ndaki ileti\u015fimi g\u00fc\u00e7lendirmek amac\u0131yla Etkinlik Komisyonu ile i\u015f birli\u011fi yapar<\/li>\n<li>UGARD\u2019\u0131n g\u00f6r\u00fcn\u00fcrl\u00fc\u011f\u00fcn\u00fc artt\u0131rmak ad\u0131na \u00fcniversitelerde, \u00e7e\u015fitli sivil toplum kurulu\u015flar\u0131nda ve gen\u00e7lik organizasyonlar\u0131nda tan\u0131t\u0131c\u0131 faaliyetler ger\u00e7ekle\u015ftirir<\/li>\n<li>G\u00f6n\u00fcll\u00fclerin do\u011fum g\u00fcn\u00fc, yeni i\u015fe giri\u015f gibi \u00f6zel g\u00fcnlerinde onlara tebrik mesajlar\u0131 ya da y\u00fcksek maliyetli olmayan hediyeler g\u00f6nderir<\/li>\n<\/ul>\n\n\n<\/div>\n\n\n<\/div>\n","protected":false},"excerpt":{"rendered":"<p>UGARD KOM\u0130SYONLARI Komisyonun Amac\u0131 Bu komisyonun kurulma amac\u0131; dernek b\u00fcnyesinde g\u00f6n\u00fcll\u00fc olarak g\u00f6rev alma ba\u015fvurusu yapanlar\u0131n ve halihaz\u0131rda g\u00f6n\u00fcll\u00fc olan \u00fcyelerin g\u00f6n\u00fcll\u00fcl\u00fck motivasyonlar\u0131n\u0131 g\u00fc\u00e7lendirecek faaliyetlerde bulunmakt\u0131r. G\u00f6n\u00fcll\u00fcl\u00fck Komisyonu Neler Yapar? UGARD b\u00fcnyesindeki \u00fcye ve g\u00f6n\u00fcll\u00fcler ile yap\u0131lacak \u00f6n g\u00f6r\u00fc\u015fmeleri y\u00f6netir \u00d6n g\u00f6r\u00fc\u015fmelerin ard\u0131ndan g\u00f6n\u00fcll\u00fclerin dahil olmak istedikleri komisyona giri\u015f s\u00fcre\u00e7lerini kurgular \u00dcye ve g\u00f6n\u00fcll\u00fclere yap\u0131lan [&hellip;]<\/p>\n","protected":false},"author":1,"featured_media":0,"parent":19,"menu_order":0,"comment_status":"closed","ping_status":"closed","template":"","meta":{"footnotes":""},"class_list":["post-21","page","type-page","status-publish","hentry"],"_links":{"self":[{"href":"https:\/\/ugard.org.tr\/index.php\/wp-json\/wp\/v2\/pages\/21","targetHints":{"allow":["GET"]}}],"collection":[{"href":"https:\/\/ugard.org.tr\/index.php\/wp-json\/wp\/v2\/pages"}],"about":[{"href":"https:\/\/ugard.org.tr\/index.php\/wp-json\/wp\/v2\/types\/page"}],"author":[{"embeddable":true,"href":"https:\/\/ugard.org.tr\/index.php\/wp-json\/wp\/v2\/users\/1"}],"replies":[{"embeddable":true,"href":"https:\/\/ugard.org.tr\/index.php\/wp-json\/wp\/v2\/comments?post=21"}],"version-history":[{"count":1,"href":"https:\/\/ugard.org.tr\/index.php\/wp-json\/wp\/v2\/pages\/21\/revisions"}],"predecessor-version":[{"id":1485,"href":"https:\/\/ugard.org.tr\/index.php\/wp-json\/wp\/v2\/pages\/21\/revisions\/1485"}],"up":[{"embeddable":true,"href":"https:\/\/ugard.org.tr\/index.php\/wp-json\/wp\/v2\/pages\/19"}],"wp:attachment":[{"href":"https:\/\/ugard.org.tr\/index.php\/wp-json\/wp\/v2\/media?parent=21"}],"curies":[{"name":"wp","href":"https:\/\/api.w.org\/{rel}","templated":true}]}}