{"id":39,"date":"2022-04-16T06:29:20","date_gmt":"2022-04-16T06:29:20","guid":{"rendered":"https:\/\/ugard.org\/?page_id=39"},"modified":"2026-04-28T02:28:33","modified_gmt":"2026-04-27T23:28:33","slug":"iletisim-ve-medya-komisyonu","status":"publish","type":"page","link":"https:\/\/ugard.org.tr\/index.php\/komisyonlarimiz\/iletisim-ve-medya-komisyonu\/","title":{"rendered":"\u0130LET\u0130\u015e\u0130M VE MEDYA KOM\u0130SYONU"},"content":{"rendered":"\n<div class=\"wp-block-group ugad-media-commission-page has-global-padding is-layout-constrained wp-block-group-is-layout-constrained\">\n\n\n<div class=\"wp-block-group ugad-mc-card ugad-mc-purpose has-global-padding is-layout-constrained wp-block-group-is-layout-constrained\">\n\n\n<p class=\"ugad-mc-eyebrow\">UGARD KOM\u0130SYONLARI<\/p>\n\n\n\n<h2 class=\"wp-block-heading ugad-mc-title\">Komisyonun Amac\u0131<\/h2>\n\n\n\n<p class=\"ugad-mc-text\">Bu komisyonun amac\u0131; derne\u011fimizin hem i\u00e7 hem d\u0131\u015f ileti\u015fim kanallar\u0131n\u0131 y\u00f6netme ve s\u00fcrd\u00fcr\u00fclen \/ ger\u00e7ekle\u015ftirilmesi planlanan etkinliklerin g\u00f6r\u00fcn\u00fcrl\u00fc\u011f\u00fcn\u00fc artt\u0131rmakt\u0131r.<\/p>\n\n\n<\/div>\n\n\n\n\n<div class=\"wp-block-group ugad-mc-card ugad-mc-list-card has-global-padding is-layout-constrained wp-block-group-is-layout-constrained\">\n\n\n<h2 class=\"wp-block-heading ugad-mc-title\">\u0130leti\u015fim ve Medya Komisyonu Neler Yapar?<\/h2>\n\n\n\n<ul class=\"wp-block-list ugad-mc-list\">\n<li>UGARD\u2019\u0131n sosyal medya hesaplar\u0131n\u0131 y\u00f6netir.<\/li>\n<li>Derne\u011fimizin vizyonunu ve misyonunu yans\u0131tmaya y\u00f6nelik g\u00fc\u00e7l\u00fc g\u00f6rsel ve i\u015fitsel i\u00e7erikler \u00fcretir.<\/li>\n<li>\u00d6zel g\u00fcn ve haftalar\u0131n takibini yaparak afi\u015fler haz\u0131rlar ve bu afi\u015flere uygun metinler yazar.<\/li>\n<li>Herhangi bir konuya ili\u015fkin e\u011fitim d\u00fczenlendi\u011finde sertifikasyon s\u00fcrecini y\u00fcr\u00fcterek kat\u0131l\u0131mc\u0131lara kat\u0131l\u0131m belgelerinin iletilmesini sa\u011flar.<\/li>\n<li>Derne\u011fimizin web sitesi \u00fczerindeki i\u00e7erikleri herkesin eri\u015fimine uygun \u015fekilde tasarlar, etkinlikler, e-b\u00fclten ve duyurular\u0131 sosyal medya a\u011flar\u0131nda oldu\u011fu gibi web sitesinde de e\u015f zamanl\u0131 olarak yay\u0131nlar.<\/li>\n<li>Derne\u011fimizin g\u00f6r\u00fcn\u00fcrl\u00fc\u011f\u00fcn\u00fc artt\u0131rmaya y\u00f6nelik \u00e7al\u0131\u015fmalar yapar.<\/li>\n<li>UGARD b\u00fcnyesinde ger\u00e7ekle\u015ftirilmi\u015f olan t\u00fcm etkinliklerin yer ald\u0131\u011f\u0131 bir y\u0131ll\u0131k faaliyet raporu haz\u0131rlar ve web sitesinde yay\u0131nlar.<\/li>\n<\/ul>\n\n\n<\/div>\n\n\n<\/div>\n","protected":false},"excerpt":{"rendered":"<p>UGARD KOM\u0130SYONLARI Komisyonun Amac\u0131 Bu komisyonun amac\u0131; derne\u011fimizin hem i\u00e7 hem d\u0131\u015f ileti\u015fim kanallar\u0131n\u0131 y\u00f6netme ve s\u00fcrd\u00fcr\u00fclen \/ ger\u00e7ekle\u015ftirilmesi planlanan etkinliklerin g\u00f6r\u00fcn\u00fcrl\u00fc\u011f\u00fcn\u00fc artt\u0131rmakt\u0131r. \u0130leti\u015fim ve Medya Komisyonu Neler Yapar? UGARD\u2019\u0131n sosyal medya hesaplar\u0131n\u0131 y\u00f6netir. Derne\u011fimizin vizyonunu ve misyonunu yans\u0131tmaya y\u00f6nelik g\u00fc\u00e7l\u00fc g\u00f6rsel ve i\u015fitsel i\u00e7erikler \u00fcretir. \u00d6zel g\u00fcn ve haftalar\u0131n takibini yaparak afi\u015fler haz\u0131rlar ve [&hellip;]<\/p>\n","protected":false},"author":1,"featured_media":0,"parent":19,"menu_order":0,"comment_status":"closed","ping_status":"closed","template":"","meta":{"footnotes":""},"class_list":["post-39","page","type-page","status-publish","hentry"],"_links":{"self":[{"href":"https:\/\/ugard.org.tr\/index.php\/wp-json\/wp\/v2\/pages\/39","targetHints":{"allow":["GET"]}}],"collection":[{"href":"https:\/\/ugard.org.tr\/index.php\/wp-json\/wp\/v2\/pages"}],"about":[{"href":"https:\/\/ugard.org.tr\/index.php\/wp-json\/wp\/v2\/types\/page"}],"author":[{"embeddable":true,"href":"https:\/\/ugard.org.tr\/index.php\/wp-json\/wp\/v2\/users\/1"}],"replies":[{"embeddable":true,"href":"https:\/\/ugard.org.tr\/index.php\/wp-json\/wp\/v2\/comments?post=39"}],"version-history":[{"count":1,"href":"https:\/\/ugard.org.tr\/index.php\/wp-json\/wp\/v2\/pages\/39\/revisions"}],"predecessor-version":[{"id":1487,"href":"https:\/\/ugard.org.tr\/index.php\/wp-json\/wp\/v2\/pages\/39\/revisions\/1487"}],"up":[{"embeddable":true,"href":"https:\/\/ugard.org.tr\/index.php\/wp-json\/wp\/v2\/pages\/19"}],"wp:attachment":[{"href":"https:\/\/ugard.org.tr\/index.php\/wp-json\/wp\/v2\/media?parent=39"}],"curies":[{"name":"wp","href":"https:\/\/api.w.org\/{rel}","templated":true}]}}