{"id":42,"date":"2022-04-16T06:36:32","date_gmt":"2022-04-16T06:36:32","guid":{"rendered":"https:\/\/ugard.org\/?page_id=42"},"modified":"2026-04-28T02:29:38","modified_gmt":"2026-04-27T23:29:38","slug":"proje-komisyonu","status":"publish","type":"page","link":"https:\/\/ugard.org.tr\/index.php\/komisyonlarimiz\/proje-komisyonu\/","title":{"rendered":"PROJE KOM\u0130SYONU"},"content":{"rendered":"\n<div class=\"wp-block-group ugad-project-commission-page has-global-padding is-layout-constrained wp-block-group-is-layout-constrained\">\n\n\n<div class=\"wp-block-group ugad-pc-card ugad-pc-purpose has-global-padding is-layout-constrained wp-block-group-is-layout-constrained\">\n\n\n<p class=\"ugad-pc-eyebrow\">UGARD KOM\u0130SYONLARI<\/p>\n\n\n\n<h2 class=\"wp-block-heading ugad-pc-title\">Komisyonun Amac\u0131<\/h2>\n\n\n\n<p class=\"ugad-pc-text\">Bu komisyonun amac\u0131; derne\u011fimizin misyonu ve vizyonuna uygun olan projeler \u00fcretmek ve bu projelerin yayg\u0131nla\u015ft\u0131r\u0131lmas\u0131n\u0131 sa\u011flamakt\u0131r.<\/p>\n\n\n<\/div>\n\n\n\n\n<div class=\"wp-block-group ugad-pc-card ugad-pc-list-card has-global-padding is-layout-constrained wp-block-group-is-layout-constrained\">\n\n\n<h2 class=\"wp-block-heading ugad-pc-title\">Proje Komisyonu Neler Yapar?<\/h2>\n\n\n\n<ul class=\"wp-block-list ugad-pc-list\">\n<li>Derne\u011fimizin vizyonu ve misyonuna uygun olan projeler \u00fcretmek i\u00e7in, sivil toplum kurulu\u015flar\u0131n\u0131n ba\u015fvurusuna a\u00e7\u0131k olan hibe \u00e7a\u011fr\u0131lar\u0131n\u0131 takip eder.<\/li>\n<li>Proje \u00fcretme noktas\u0131nda uygun olan hibeleri almak i\u00e7in proje yazar ve projenin kurgusunu haz\u0131rlar.<\/li>\n<li>Kurgulanan proje faaliyetleri haz\u0131rland\u0131ktan sonra b\u00fct\u00e7e d\u00fczenlemesini ve giderlerin kontrol\u00fcn\u00fc yapar.<\/li>\n<li>Yap\u0131lan hibe ba\u015fvurusunun kabul edilmesi halinde Proje Komisyonu i\u00e7inde o proje ile ilgilenecek bir alt ekip olu\u015fturur ve gereken koordinasyonu sa\u011flar.<\/li>\n<li>Y\u00fcr\u00fct\u00fclen projelerin her a\u015famas\u0131n\u0131 rapor haline getirir ve ilgili raporu proje bittikten sonra di\u011fer komisyon \u00fcyeleriyle payla\u015f\u0131r.<\/li>\n<li>Proje \u00e7\u0131kt\u0131lar\u0131n\u0131n yayg\u0131nla\u015ft\u0131r\u0131lmas\u0131 i\u00e7in \u0130leti\u015fim ve Medya Komisyonu ile ortak \u00e7al\u0131\u015f\u0131r.<\/li>\n<li>\u0130\u015f birli\u011fi gerektiren projelerde ortakl\u0131k potansiyeli olan sivil toplum \u00f6rg\u00fctlerini ara\u015ft\u0131r\u0131r ve gerekli g\u00f6r\u00fc\u015fmeleri sa\u011flar.<\/li>\n<li>Dernek \u00fcyelerinin ki\u015fisel ve profesyonel anlamda geli\u015fimlerini sa\u011flamalar\u0131 amac\u0131 ile e\u011fitim programlar\u0131 aray\u0131\u015f\u0131nda bulunur.<\/li>\n<\/ul>\n\n\n<\/div>\n\n\n<\/div>\n","protected":false},"excerpt":{"rendered":"<p>UGARD KOM\u0130SYONLARI Komisyonun Amac\u0131 Bu komisyonun amac\u0131; derne\u011fimizin misyonu ve vizyonuna uygun olan projeler \u00fcretmek ve bu projelerin yayg\u0131nla\u015ft\u0131r\u0131lmas\u0131n\u0131 sa\u011flamakt\u0131r. Proje Komisyonu Neler Yapar? Derne\u011fimizin vizyonu ve misyonuna uygun olan projeler \u00fcretmek i\u00e7in, sivil toplum kurulu\u015flar\u0131n\u0131n ba\u015fvurusuna a\u00e7\u0131k olan hibe \u00e7a\u011fr\u0131lar\u0131n\u0131 takip eder. Proje \u00fcretme noktas\u0131nda uygun olan hibeleri almak i\u00e7in proje yazar ve projenin [&hellip;]<\/p>\n","protected":false},"author":1,"featured_media":0,"parent":19,"menu_order":0,"comment_status":"closed","ping_status":"closed","template":"","meta":{"footnotes":""},"class_list":["post-42","page","type-page","status-publish","hentry"],"_links":{"self":[{"href":"https:\/\/ugard.org.tr\/index.php\/wp-json\/wp\/v2\/pages\/42","targetHints":{"allow":["GET"]}}],"collection":[{"href":"https:\/\/ugard.org.tr\/index.php\/wp-json\/wp\/v2\/pages"}],"about":[{"href":"https:\/\/ugard.org.tr\/index.php\/wp-json\/wp\/v2\/types\/page"}],"author":[{"embeddable":true,"href":"https:\/\/ugard.org.tr\/index.php\/wp-json\/wp\/v2\/users\/1"}],"replies":[{"embeddable":true,"href":"https:\/\/ugard.org.tr\/index.php\/wp-json\/wp\/v2\/comments?post=42"}],"version-history":[{"count":1,"href":"https:\/\/ugard.org.tr\/index.php\/wp-json\/wp\/v2\/pages\/42\/revisions"}],"predecessor-version":[{"id":1489,"href":"https:\/\/ugard.org.tr\/index.php\/wp-json\/wp\/v2\/pages\/42\/revisions\/1489"}],"up":[{"embeddable":true,"href":"https:\/\/ugard.org.tr\/index.php\/wp-json\/wp\/v2\/pages\/19"}],"wp:attachment":[{"href":"https:\/\/ugard.org.tr\/index.php\/wp-json\/wp\/v2\/media?parent=42"}],"curies":[{"name":"wp","href":"https:\/\/api.w.org\/{rel}","templated":true}]}}