{"id":44,"date":"2022-04-16T06:41:00","date_gmt":"2022-04-16T06:41:00","guid":{"rendered":"https:\/\/ugard.org\/?page_id=44"},"modified":"2026-04-28T02:26:37","modified_gmt":"2026-04-27T23:26:37","slug":"etkinlik-komisyonu","status":"publish","type":"page","link":"https:\/\/ugard.org.tr\/index.php\/komisyonlarimiz\/etkinlik-komisyonu\/","title":{"rendered":"ETK\u0130NL\u0130K GEL\u0130\u015eT\u0130RME KOM\u0130SYONU"},"content":{"rendered":"\n<div class=\"wp-block-group ugad-event-commission-page has-global-padding is-layout-constrained wp-block-group-is-layout-constrained\">\n\n\t\n\t<div class=\"wp-block-group ugad-event-card ugad-event-purpose has-global-padding is-layout-constrained wp-block-group-is-layout-constrained\">\n\n\t\t\n\t\t<p class=\"ugad-event-eyebrow\">UGARD KOM\u0130SYONLARI<\/p>\n\t\t\n\n\t\t\n\t\t<h2 class=\"wp-block-heading\">Komisyonun Amac\u0131<\/h2>\n\t\t\n\n\t\t\n\t\t<p>Derne\u011fimizin etkinliklerini \u00fcyelerin g\u00f6r\u00fc\u015flerine ve ihtiya\u00e7lar\u0131na \u00f6nem vererek geli\u015ftirmek ve planlamakt\u0131r.<\/p>\n\t\t\n\n\t<\/div>\n\t\n\n\n\t\n\t<div class=\"wp-block-group ugad-event-card ugad-event-list-card has-global-padding is-layout-constrained wp-block-group-is-layout-constrained\">\n\n\t\t\n\t\t<h2 class=\"wp-block-heading\">Etkinlik Geli\u015ftirme Komisyonu Neler Yapar?<\/h2>\n\t\t\n\n\t\t\n\t\t<ul class=\"wp-block-list\">\n\t\t\t<li>UGARD b\u00fcnyesinde d\u00fczenlenen etkinliklerin planlanma s\u00fcreci de dahil olmak \u00fczere t\u00fcm a\u015famalar\u0131n\u0131n sorunsuz ilerlemesinde birincil rol oynar.<\/li>\n\t\t\t<li>Etkinliklerin t\u00fcm sosyal medya kanallar\u0131nda yay\u0131nlanabilmesi i\u00e7in \u0130leti\u015fim ve Medya Komisyonu ile koordineli bir \u015fekilde \u00e7al\u0131\u015f\u0131r.<\/li>\n\t\t\t<li>Etkinlikler sona erdikten sonra kat\u0131l\u0131mc\u0131lar\u0131n geri bildirimlerine y\u00f6nelik anketler haz\u0131rlar.<\/li>\n\t\t\t<li>Gen\u00e7lerin derne\u011fimizden haberdar olmalar\u0131 ve derne\u011fimizde g\u00f6rev almalar\u0131 amac\u0131yla \u00fcniversitelerde, gen\u00e7lik forumlar\u0131nda ve sosyal sorumluluk kul\u00fcplerinde tan\u0131t\u0131c\u0131 faaliyetler organize eder.<\/li>\n\t\t\t<li>Derne\u011fimiz, \u00e7e\u015fitlili\u011fi temel alan bir vizyona sahip oldu\u011fundan, etkinliklerimize kamu, \u00f6zel sekt\u00f6r, sosyal giri\u015fimcilik gibi farkl\u0131 alanlarda ba\u015far\u0131lara imza atm\u0131\u015f ilham veren konu\u015fmac\u0131lar\u0131 davet eder.<\/li>\n\t\t<\/ul>\n\t\t\n\n\t<\/div>\n\t\n\n<\/div>\n","protected":false},"excerpt":{"rendered":"<p>UGARD KOM\u0130SYONLARI Komisyonun Amac\u0131 Derne\u011fimizin etkinliklerini \u00fcyelerin g\u00f6r\u00fc\u015flerine ve ihtiya\u00e7lar\u0131na \u00f6nem vererek geli\u015ftirmek ve planlamakt\u0131r. Etkinlik Geli\u015ftirme Komisyonu Neler Yapar? UGARD b\u00fcnyesinde d\u00fczenlenen etkinliklerin planlanma s\u00fcreci de dahil olmak \u00fczere t\u00fcm a\u015famalar\u0131n\u0131n sorunsuz ilerlemesinde birincil rol oynar. Etkinliklerin t\u00fcm sosyal medya kanallar\u0131nda yay\u0131nlanabilmesi i\u00e7in \u0130leti\u015fim ve Medya Komisyonu ile koordineli bir \u015fekilde \u00e7al\u0131\u015f\u0131r. Etkinlikler sona [&hellip;]<\/p>\n","protected":false},"author":1,"featured_media":0,"parent":19,"menu_order":0,"comment_status":"closed","ping_status":"closed","template":"","meta":{"footnotes":""},"class_list":["post-44","page","type-page","status-publish","hentry"],"_links":{"self":[{"href":"https:\/\/ugard.org.tr\/index.php\/wp-json\/wp\/v2\/pages\/44","targetHints":{"allow":["GET"]}}],"collection":[{"href":"https:\/\/ugard.org.tr\/index.php\/wp-json\/wp\/v2\/pages"}],"about":[{"href":"https:\/\/ugard.org.tr\/index.php\/wp-json\/wp\/v2\/types\/page"}],"author":[{"embeddable":true,"href":"https:\/\/ugard.org.tr\/index.php\/wp-json\/wp\/v2\/users\/1"}],"replies":[{"embeddable":true,"href":"https:\/\/ugard.org.tr\/index.php\/wp-json\/wp\/v2\/comments?post=44"}],"version-history":[{"count":1,"href":"https:\/\/ugard.org.tr\/index.php\/wp-json\/wp\/v2\/pages\/44\/revisions"}],"predecessor-version":[{"id":1483,"href":"https:\/\/ugard.org.tr\/index.php\/wp-json\/wp\/v2\/pages\/44\/revisions\/1483"}],"up":[{"embeddable":true,"href":"https:\/\/ugard.org.tr\/index.php\/wp-json\/wp\/v2\/pages\/19"}],"wp:attachment":[{"href":"https:\/\/ugard.org.tr\/index.php\/wp-json\/wp\/v2\/media?parent=44"}],"curies":[{"name":"wp","href":"https:\/\/api.w.org\/{rel}","templated":true}]}}