{"id":48,"date":"2022-04-16T06:45:50","date_gmt":"2022-04-16T06:45:50","guid":{"rendered":"https:\/\/ugard.org\/?page_id=48"},"modified":"2026-04-28T01:55:18","modified_gmt":"2026-04-27T22:55:18","slug":"gonullu-ol","status":"publish","type":"page","link":"https:\/\/ugard.org.tr\/index.php\/gonullu-ol\/","title":{"rendered":"G\u00d6N\u00dcLL\u00dc OL"},"content":{"rendered":"\n<div class=\"wp-block-group ugad-volunteer-page has-global-padding is-layout-constrained wp-block-group-is-layout-constrained\">\n\n\n<div class=\"wp-block-group ugad-volunteer-wrap has-global-padding is-layout-constrained wp-block-group-is-layout-constrained\">\n\n\n<div class=\"wp-block-group ugad-volunteer-card ugad-volunteer-intro has-global-padding is-layout-constrained wp-block-group-is-layout-constrained\">\n\n\n<p class=\"ugad-volunteer-lead\">SELAM GEN\u00c7! UGARD g\u00f6n\u00fcll\u00fcs\u00fc olmak i\u00e7in tamamlaman gereken form sayfas\u0131ndas\u0131n. Her sivil toplum kurulu\u015funun oldu\u011fu gibi, faaliyetlerimizin s\u00fcrd\u00fcr\u00fclebilirli\u011fini sa\u011flamak ad\u0131na g\u00f6n\u00fcll\u00fclerimizden kar\u015f\u0131lamalar\u0131n\u0131 bekledi\u011fimiz birtak\u0131m kriterlerimiz var. Bunlar\u0131 senin i\u00e7in \u015fu \u015fekilde s\u0131ralad\u0131k:<\/p>\n\n\n<\/div>\n\n\n\n<div class=\"wp-block-group ugad-volunteer-card ugad-volunteer-criteria has-global-padding is-layout-constrained wp-block-group-is-layout-constrained\">\n\n\n<h3 class=\"wp-block-heading ugad-volunteer-subtitle\">UGARD g\u00f6n\u00fcll\u00fclerinde arad\u0131\u011f\u0131m\u0131z temel \u00f6zellikler<\/h3>\n\n\n\n<ol class=\"wp-block-list ugad-volunteer-list\">\n<li>Etkin ileti\u015fim g\u00fcc\u00fc<\/li>\n<li>Tak\u0131m \u00e7al\u0131\u015fmas\u0131na yatk\u0131nl\u0131k<\/li>\n<li>\u0130yi bir zaman y\u00f6netimi<\/li>\n<li>Ula\u015f\u0131labilir, proaktif, i\u00e7ten ve a\u00e7\u0131k olmak<\/li>\n<li>Sorumluluk bilincinin geli\u015fmi\u015f olmas\u0131<\/li>\n<li>G\u00f6n\u00fcll\u00fcl\u00fck kavram\u0131n\u0131 \u00f6z\u00fcmsemi\u015f olmak<\/li>\n<\/ol>\n\n\n\n<p class=\"ugad-volunteer-note\">\u201cYukar\u0131daki kriterleri okudum, de\u011fi\u015fim i\u00e7in sorumluluk almaya haz\u0131r\u0131m\u201d dedi\u011fini duyar gibiyiz. Hadi ba\u015flayal\u0131m \ud83d\ude42<\/p>\n\n\n\n<div class=\"wp-block-buttons ugad-volunteer-buttons is-content-justification-center is-layout-flex wp-container-core-buttons-is-layout-a89b3969 wp-block-buttons-is-layout-flex\">\n\n\n<div class=\"wp-block-button ugad-volunteer-button\">\n<a class=\"wp-block-button__link wp-element-button\" href=\"https:\/\/docs.google.com\/forms\/d\/e\/1FAIpQLSdr8ddn6uYeivKE50npzGw_v1ZskliG5GKQ2a7KZ4n3jXJ4QQ\/viewform\" target=\"_blank\" rel=\"noreferrer noopener\">UGARD G\u00d6N\u00dcLL\u00dcL\u00dcK FORMUNU DOLDUR<\/a>\n<\/div>\n\n\n<\/div>\n\n\n<\/div>\n\n\n<\/div>\n\n\n<\/div>\n","protected":false},"excerpt":{"rendered":"<p>SELAM GEN\u00c7! UGARD g\u00f6n\u00fcll\u00fcs\u00fc olmak i\u00e7in tamamlaman gereken form sayfas\u0131ndas\u0131n. Her sivil toplum kurulu\u015funun oldu\u011fu gibi, faaliyetlerimizin s\u00fcrd\u00fcr\u00fclebilirli\u011fini sa\u011flamak ad\u0131na g\u00f6n\u00fcll\u00fclerimizden kar\u015f\u0131lamalar\u0131n\u0131 bekledi\u011fimiz birtak\u0131m kriterlerimiz var. Bunlar\u0131 senin i\u00e7in \u015fu \u015fekilde s\u0131ralad\u0131k: UGARD g\u00f6n\u00fcll\u00fclerinde arad\u0131\u011f\u0131m\u0131z temel \u00f6zellikler Etkin ileti\u015fim g\u00fcc\u00fc Tak\u0131m \u00e7al\u0131\u015fmas\u0131na yatk\u0131nl\u0131k \u0130yi bir zaman y\u00f6netimi Ula\u015f\u0131labilir, proaktif, i\u00e7ten ve a\u00e7\u0131k olmak Sorumluluk bilincinin [&hellip;]<\/p>\n","protected":false},"author":1,"featured_media":0,"parent":0,"menu_order":0,"comment_status":"closed","ping_status":"closed","template":"","meta":{"footnotes":""},"class_list":["post-48","page","type-page","status-publish","hentry"],"_links":{"self":[{"href":"https:\/\/ugard.org.tr\/index.php\/wp-json\/wp\/v2\/pages\/48","targetHints":{"allow":["GET"]}}],"collection":[{"href":"https:\/\/ugard.org.tr\/index.php\/wp-json\/wp\/v2\/pages"}],"about":[{"href":"https:\/\/ugard.org.tr\/index.php\/wp-json\/wp\/v2\/types\/page"}],"author":[{"embeddable":true,"href":"https:\/\/ugard.org.tr\/index.php\/wp-json\/wp\/v2\/users\/1"}],"replies":[{"embeddable":true,"href":"https:\/\/ugard.org.tr\/index.php\/wp-json\/wp\/v2\/comments?post=48"}],"version-history":[{"count":1,"href":"https:\/\/ugard.org.tr\/index.php\/wp-json\/wp\/v2\/pages\/48\/revisions"}],"predecessor-version":[{"id":1465,"href":"https:\/\/ugard.org.tr\/index.php\/wp-json\/wp\/v2\/pages\/48\/revisions\/1465"}],"wp:attachment":[{"href":"https:\/\/ugard.org.tr\/index.php\/wp-json\/wp\/v2\/media?parent=48"}],"curies":[{"name":"wp","href":"https:\/\/api.w.org\/{rel}","templated":true}]}}