{"id":8,"date":"2022-04-03T10:13:54","date_gmt":"2022-04-03T10:13:54","guid":{"rendered":"https:\/\/ugard.org\/?page_id=8"},"modified":"2026-04-29T09:56:40","modified_gmt":"2026-04-29T06:56:40","slug":"hakkimizda","status":"publish","type":"page","link":"https:\/\/ugard.org.tr\/index.php\/hakkimizda\/","title":{"rendered":"HAKKIMIZDA"},"content":{"rendered":"\n<div class=\"wp-block-group ugad-about-page has-global-padding is-layout-constrained wp-block-group-is-layout-constrained\">\n<div class=\"wp-block-group ugad-about-card has-global-padding is-layout-constrained wp-block-group-is-layout-constrained\">\n<p class=\"ugad-about-eyebrow\">UGARD<\/p>\n\n\n\n<p class=\"ugad-about-text\">Uluslararas\u0131 Gen\u00e7 Aray\u0131\u015f Derne\u011fi (UGARD), kad\u0131n, \u00e7ocuk, m\u00fclteci, engelli ve ya\u015fl\u0131 gibi sosyal ve ekonomik y\u00f6nden risk alt\u0131nda bulunan bireylerin insan haklar\u0131 do\u011frultusunda toplumsal ya\u015fam\u0131n her kademesinde e\u015fit ve etkin bi\u00e7imde yer ald\u0131\u011f\u0131 bir toplum yaratmak amac\u0131yla faaliyet g\u00f6stermektedir.<\/p>\n<\/div>\n\n\n\n<div class=\"wp-block-group ugad-about-card has-global-padding is-layout-constrained wp-block-group-is-layout-constrained\">\n<h2 class=\"wp-block-heading ugad-about-section-title\">Biz Kimiz?<\/h2>\n\n\n\n<p class=\"ugad-about-text\">Uluslararas\u0131 Gen\u00e7 Aray\u0131\u015f Derne\u011fi (UGARD), kad\u0131n, \u00e7ocuk, m\u00fclteci, engelli ve ya\u015fl\u0131 gibi sosyal ve ekonomik y\u00f6nden risk alt\u0131nda bulunan bireylerin insan haklar\u0131 gere\u011fince toplumsal ya\u015fam\u0131n her kademesinde e\u015fit ve etkin bi\u00e7imde yer ald\u0131\u011f\u0131 bir toplum yaratmak amac\u0131yla kurulmu\u015ftur. Bu do\u011frultuda kanunlar\u0131n, anayasan\u0131n ve uluslararas\u0131 s\u00f6zle\u015fmelerin T\u00fcrkiye\u2019de uygulamaya hakim k\u0131l\u0131nmas\u0131 i\u00e7in \u00e7al\u0131\u015f\u0131r ve gen\u00e7leri bu konularda sorumluluk almalar\u0131 y\u00f6n\u00fcnde te\u015fvik eder.<\/p>\n<\/div>\n\n\n\n<div class=\"wp-block-columns ugad-about-columns is-layout-flex wp-container-core-columns-is-layout-28f84493 wp-block-columns-is-layout-flex\">\n<div class=\"wp-block-column is-layout-flow wp-block-column-is-layout-flow\">\n<div class=\"wp-block-group ugad-about-card has-global-padding is-layout-constrained wp-block-group-is-layout-constrained\">\n<h2 class=\"wp-block-heading ugad-about-section-title\">Ama\u00e7lar\u0131m\u0131z Nelerdir?<\/h2>\n\n\n\n<ol class=\"wp-block-list ugad-about-list\">\n<li>\u00c7ocuklar\u0131n, gen\u00e7lerin, m\u00fcltecilerin, kad\u0131nlar\u0131n, ya\u015fl\u0131lar\u0131n, engellilerin ve risk alt\u0131nda bulunan di\u011fer dezavantajl\u0131 gruplar\u0131n haklar\u0131n\u0131n kazan\u0131lmas\u0131, korunmas\u0131, kullan\u0131lmas\u0131 ve geli\u015ftirilmesi i\u00e7in hak temelli faaliyetler g\u00f6stermek,<\/li>\n\n\n\n<li>Gen\u00e7lerin insan haklar\u0131 alan\u0131nda sorumluluk alma bilincini art\u0131rmak ve sivil toplumda gen\u00e7 kat\u0131l\u0131m\u0131 g\u00fc\u00e7lendirmek,<\/li>\n\n\n\n<li>Dezavantajl\u0131 gruplar\u0131n e\u011fitim, sa\u011fl\u0131k, sosyal g\u00fcvenlik, istihdam, seyahat ve ula\u015f\u0131m gibi alanlarda kar\u015f\u0131la\u015ft\u0131klar\u0131 ayr\u0131mc\u0131l\u0131k sorunlar\u0131n\u0131 g\u00f6r\u00fcn\u00fcr k\u0131lmak ve \u00e7\u00f6z\u00fcm i\u00e7in i\u015f birli\u011fi yapmak.<\/li>\n<\/ol>\n<\/div>\n<\/div>\n\n\n\n<div class=\"wp-block-column is-layout-flow wp-block-column-is-layout-flow\">\n<div class=\"wp-block-group ugad-about-card has-global-padding is-layout-constrained wp-block-group-is-layout-constrained\">\n<h2 class=\"wp-block-heading ugad-about-section-title\">\u0130lke ve De\u011ferlerimiz Nelerdir?<\/h2>\n\n\n\n<ol class=\"wp-block-list ugad-about-list\">\n<li>Temel hak ve \u00f6zg\u00fcrl\u00fcklere sayg\u0131l\u0131 olmak<\/li>\n\n\n\n<li>Adil, e\u015fit ve d\u00fcr\u00fcst olmak<\/li>\n\n\n\n<li>Her t\u00fcrl\u00fc ayr\u0131mc\u0131l\u0131\u011f\u0131 reddetmek<\/li>\n\n\n\n<li>Antihiyerar\u015fik \u00f6rg\u00fctlenme<\/li>\n\n\n\n<li>Aktif kat\u0131l\u0131m ve kararl\u0131l\u0131k<\/li>\n\n\n\n<li>Etkililik<\/li>\n\n\n\n<li>Sonu\u00e7 odakl\u0131 etkin \u00e7al\u0131\u015fma<\/li>\n\n\n\n<li>Bilgiye eri\u015fim ve saydaml\u0131k<\/li>\n\n\n\n<li>S\u00fcrd\u00fcr\u00fclebilirlik<\/li>\n\n\n\n<li>Kurumsalla\u015fma<\/li>\n\n\n\n<li>Etkili ileti\u015fim<\/li>\n\n\n\n<li>Gen\u00e7 kat\u0131l\u0131m\u0131<\/li>\n<\/ol>\n<\/div>\n<\/div>\n<\/div>\n\n\n\n<div class=\"wp-block-group ugad-about-card has-global-padding is-layout-constrained wp-block-group-is-layout-constrained\">\n<h2 class=\"wp-block-heading ugad-about-section-title\">Y\u00f6netim Kurulumuz<\/h2>\n\n\n\n<figure class=\"wp-block-table ugad-board-table\"><table><thead><tr><th>Ad\u0131 Soyad\u0131<\/th><th>G\u00f6revi<\/th><th>Telefon<\/th><th>E-posta<\/th><\/tr><\/thead><tbody><tr><td>Ahmet Tayfur Arslan<\/td><td>Ba\u015fkan<\/td><td>506 459 61 10<\/td><td><a href=\"mailto:ahmettayfurarslan@gmail.com\">ahmettayfurarslan@gmail.com<\/a><\/td><\/tr><tr><td>Hakan Ko\u015far<\/td><td>Ba\u015fkan Yard\u0131mc\u0131s\u0131<\/td><td>530 286 57 22<\/td><td><a href=\"mailto:hakankosar55@gmail.com\">hakankosar55@gmail.com<\/a><\/td><\/tr><tr><td>Berkay \u00d6mer \u00dcnal<\/td><td>Genel Sekreter<\/td><td>507 951 28 93<\/td><td><a href=\"mailto:berkayomerunal@gmail.com\">berkayomerunal@gmail.com<\/a><\/td><\/tr><tr><td>\u00d6mer Faruk Uzun<\/td><td>Sayman<\/td><td>541 627 92 38<\/td><td><a href=\"mailto:omerfarukuzunomu@gmail.com\">omerfarukuzunomu@gmail.com<\/a><\/td><\/tr><tr><td>Seda Arslan<\/td><td>\u00dcye<\/td><td>543 290 03 95<\/td><td><a href=\"mailto:seda1995halil@gmail.com\">seda1995halil@gmail.com<\/a><\/td><\/tr><\/tbody><\/table><\/figure>\n<\/div>\n<\/div>\n","protected":false},"excerpt":{"rendered":"<p>UGARD Uluslararas\u0131 Gen\u00e7 Aray\u0131\u015f Derne\u011fi (UGARD), kad\u0131n, \u00e7ocuk, m\u00fclteci, engelli ve ya\u015fl\u0131 gibi sosyal ve ekonomik y\u00f6nden risk alt\u0131nda bulunan bireylerin insan haklar\u0131 do\u011frultusunda toplumsal ya\u015fam\u0131n her kademesinde e\u015fit ve etkin bi\u00e7imde yer ald\u0131\u011f\u0131 bir toplum yaratmak amac\u0131yla faaliyet g\u00f6stermektedir. Biz Kimiz? Uluslararas\u0131 Gen\u00e7 Aray\u0131\u015f Derne\u011fi (UGARD), kad\u0131n, \u00e7ocuk, m\u00fclteci, engelli ve ya\u015fl\u0131 gibi sosyal [&hellip;]<\/p>\n","protected":false},"author":1,"featured_media":0,"parent":0,"menu_order":-4,"comment_status":"closed","ping_status":"closed","template":"","meta":{"footnotes":""},"class_list":["post-8","page","type-page","status-publish","hentry"],"_links":{"self":[{"href":"https:\/\/ugard.org.tr\/index.php\/wp-json\/wp\/v2\/pages\/8","targetHints":{"allow":["GET"]}}],"collection":[{"href":"https:\/\/ugard.org.tr\/index.php\/wp-json\/wp\/v2\/pages"}],"about":[{"href":"https:\/\/ugard.org.tr\/index.php\/wp-json\/wp\/v2\/types\/page"}],"author":[{"embeddable":true,"href":"https:\/\/ugard.org.tr\/index.php\/wp-json\/wp\/v2\/users\/1"}],"replies":[{"embeddable":true,"href":"https:\/\/ugard.org.tr\/index.php\/wp-json\/wp\/v2\/comments?post=8"}],"version-history":[{"count":6,"href":"https:\/\/ugard.org.tr\/index.php\/wp-json\/wp\/v2\/pages\/8\/revisions"}],"predecessor-version":[{"id":1583,"href":"https:\/\/ugard.org.tr\/index.php\/wp-json\/wp\/v2\/pages\/8\/revisions\/1583"}],"wp:attachment":[{"href":"https:\/\/ugard.org.tr\/index.php\/wp-json\/wp\/v2\/media?parent=8"}],"curies":[{"name":"wp","href":"https:\/\/api.w.org\/{rel}","templated":true}]}}